{"id":7,"date":"2017-02-18T18:03:59","date_gmt":"2017-02-18T17:03:59","guid":{"rendered":"http:\/\/www.dosti-kairos.eu\/psy\/?page_id=7"},"modified":"2023-06-27T10:10:01","modified_gmt":"2023-06-27T08:10:01","slug":"ueber-mich-wie-ich-arbeite","status":"publish","type":"page","link":"https:\/\/www.dosti-kairos.eu\/psy\/de\/ueber-mich-wie-ich-arbeite\/","title":{"rendered":"\u00dcber Mich und wie ich arbeite"},"content":{"rendered":"<section class=\"wpb-content-wrapper\"><p>[vc_section full_height=&#8220;yes&#8220; parallax=&#8220;content-moving&#8220; css=&#8220;.vc_custom_1490202395701{margin-right: 0px !important;margin-left: 0px !important;padding-top: 0px !important;padding-bottom: 0px !important;}&#8220;][vc_row content_placement=&#8220;top&#8220;][vc_column][vc_column_text]<a href=\"http:\/\/www.dosti-kairos.eu\/psy\/\">Startseite<\/a> &gt;\u00a0\u00dcber Mich[\/vc_column_text][\/vc_column][\/vc_row][vc_row content_placement=&#8220;middle&#8220;][vc_column css_animation=&#8220;fadeIn&#8220; width=&#8220;1\/3&#8243;][\/vc_column][vc_column css_animation=&#8220;fadeIn&#8220; width=&#8220;1\/3&#8243; css=&#8220;.vc_custom_1687267676238{background-color: rgba(232,228,225,0.9) !important;*background-color: rgb(232,228,225) !important;}&#8220;][vc_column_text]<\/p>\n<h1 style=\"text-align: center;\">\u00dcber mich und wie ich arbeite<\/h1>\n<p>[\/vc_column_text][\/vc_column][vc_column width=&#8220;1\/3&#8243;][\/vc_column][\/vc_row][vc_row equal_height=&#8220;yes&#8220; content_placement=&#8220;top&#8220;][vc_column css_animation=&#8220;fadeInLeft&#8220; width=&#8220;1\/3&#8243; css=&#8220;.vc_custom_1490203260562{background-color: rgba(232,228,225,0.9) !important;*background-color: rgb(232,228,225) !important;}&#8220;][vc_column_text]<strong><em>Curiculum<\/em><\/strong><\/p>\n<p>Raumplanungsstudium TU Wien 1980 -1986<br \/>\nLehrt\u00e4tigkeit TU Wien, Kunsthochschule Linz, FH Technikum, FH bfi 1986 \u2013 1996<br \/>\nBeratungs- und Gesch\u00e4ftsf\u00fchrert\u00e4tigkeit im In- und Ausland (Russland, Arabischer Raum, Mongolei, S\u00fcdafrika) 1994 \u2013 2014<br \/>\nUnternehmensberatung, Coaching, Supervision, Psychotherapie in freier Praxis[\/vc_column_text][\/vc_column][vc_column width=&#8220;1\/3&#8243; css=&#8220;.vc_custom_1687521798330{background-color: rgba(232,228,225,0.9) !important;*background-color: rgb(232,228,225) !important;}&#8220;][vc_column_text]<strong><em>Motivation<\/em><\/strong><\/p>\n<p>Nach mehreren Jahrzehnten unternehmerischer T\u00e4tigkeit im In- und Ausland habe ich beschlossen meine berufliche Laufbahn zu \u00e4ndern und die Ausbildung zum Psychotherapeuten zu absolvieren.<\/p>\n<p>Dabei hat die pers\u00f6nliche Erfahrung, dass es auch in scheinbar aussichtsloser Lage immer wieder M\u00f6glichkeiten zur Weiterentwicklung gibt, eine gro\u00dfe Rolle gespielt.<\/p>\n<p>Das humanistische Menschen- und Weltbild des personzentrierten Ansatzes bringe ich in alle meine Arbeitsfelder ein.[\/vc_column_text][\/vc_column][vc_column css_animation=&#8220;fadeInRight&#8220; width=&#8220;1\/3&#8243; css=&#8220;.vc_custom_1687521791855{background-color: rgba(232,228,225,0.9) !important;*background-color: rgb(232,228,225) !important;}&#8220;][vc_column_text]<\/p>\n<p style=\"text-align: center;\"><strong>Arbeitsfelder<\/strong><\/p>\n<p style=\"text-align: center;\"><a href=\"https:\/\/www.dosti-kairos.eu\/psy\/de\/psychotherapie\/\">Psychotherapie<\/a><br \/>\n<a href=\"https:\/\/www.dosti-kairos.eu\/psy\/de\/coaching-2\/\">Coaching<\/a><br \/>\n<a href=\"https:\/\/www.dosti-kairos.eu\/psy\/de\/supervision\/\">Supervision<\/a><br \/>\n<a href=\"https:\/\/www.dosti-kairos.eu\/psy\/de\/organisationsberatung-und-entwicklung\/\">Organisationsberatung und -entwicklung<\/a><\/p>\n<p>[\/vc_column_text][\/vc_column][\/vc_row][vc_row content_placement=&#8220;bottom&#8220;][vc_column width=&#8220;1\/2&#8243;][\/vc_column][vc_column width=&#8220;1\/2&#8243;][vc_column_text]<\/p>\n<p style=\"text-align: right;\"><!-- Widget Shortcode --><div id=\"polylang-2\" class=\"widget widget_polylang widget-shortcode area-sidebar1 \"><ul>\n\t<li class=\"lang-item lang-item-7 lang-item-en lang-item-first\"><a  lang=\"en-GB\" hreflang=\"en-GB\" href=\"https:\/\/www.dosti-kairos.eu\/psy\/en\/about-me-how-i-work\/\"><img loading=\"lazy\" decoding=\"async\" src=\"data:image\/png;base64,iVBORw0KGgoAAAANSUhEUgAAABAAAAALCAMAAABBPP0LAAAAt1BMVEWSmb66z+18msdig8La3u+tYX9IaLc7W7BagbmcUW+kqMr\/q6n+\/\/+hsNv\/lIr\/jIGMnNLJyOP9\/fyQttT\/wb3\/\/\/\/\/aWn+YWF5kNT0oqz0i4ueqtIZNJjhvt\/8gn\/\/WVr\/6+rN1+o9RKZwgcMPJpX\/VFT9UEn+RUX8Ozv2Ly+FGzdYZrfU1e\/8LS\/lQkG\/mbVUX60AE231hHtcdMb0mp3qYFTFwNu3w9prcqSURGNDaaIUMX5FNW5wYt7AAAAAjklEQVR4AR3HNUJEMQCGwf+L8RR36ajR+1+CEuvRdd8kK9MNAiRQNgJmVDAt1yM6kSzYVJUsPNssAk5N7ZFKjVNFAY4co6TAOI+kyQm+LFUEBEKKzuWUNB7rSH\/rSnvOulOGk+QlXTBqMIrfYX4tSe2nP3iRa\/KNK7uTmWJ5a9+erZ3d+18od4ytiZdvZyuKWy8o3UpTVAAAAABJRU5ErkJggg==\" alt=\"English\" width=\"16\" height=\"11\" style=\"width: 16px; height: 11px;\" \/><\/a><\/li>\n<\/ul>\n<\/div><!-- \/Widget Shortcode --><\/p>\n<p>[\/vc_column_text][\/vc_column][\/vc_row][\/vc_section]<\/p>\n<\/section>","protected":false},"excerpt":{"rendered":"<p>[vc_section full_height=&#8220;yes&#8220; parallax=&#8220;content-moving&#8220; css=&#8220;.vc_custom_1490202395701{margin-right: 0px !important;margin-left: 0px !important;padding-top: 0px !important;padding-bottom: 0px !important;}&#8220;][vc_row content_placement=&#8220;top&#8220;][vc_column][vc_column_text]Startseite &gt;\u00a0\u00dcber Mich[\/vc_column_text][\/vc_column][\/vc_row][vc_row content_placement=&#8220;middle&#8220;][vc_column css_animation=&#8220;fadeIn&#8220; width=&#8220;1\/3&#8243;][\/vc_column][vc_column css_animation=&#8220;fadeIn&#8220; width=&#8220;1\/3&#8243; css=&#8220;.vc_custom_1687267676238{background-color: rgba(232,228,225,0.9) !important;*background-color: rgb(232,228,225) !important;}&#8220;][vc_column_text] \u00dcber mich und wie ich arbeite [\/vc_column_text][\/vc_column][vc_column width=&#8220;1\/3&#8243;][\/vc_column][\/vc_row][vc_row equal_height=&#8220;yes&#8220; content_placement=&#8220;top&#8220;][vc_column css_animation=&#8220;fadeInLeft&#8220; width=&#8220;1\/3&#8243; css=&#8220;.vc_custom_1490203260562{background-color: rgba(232,228,225,0.9) !important;*background-color: rgb(232,228,225) !important;}&#8220;][vc_column_text]Curiculum Raumplanungsstudium TU Wien 1980 -1986 Lehrt\u00e4tigkeit TU Wien, Kunsthochschule Linz, FH Technikum, FH&#8230;  <a class=\"excerpt-read-more\" href=\"https:\/\/www.dosti-kairos.eu\/psy\/de\/ueber-mich-wie-ich-arbeite\/\" title=\"Read \u00dcber Mich und wie ich arbeite\">Read more &raquo;<\/a><\/p>\n","protected":false},"author":1,"featured_media":0,"parent":0,"menu_order":0,"comment_status":"closed","ping_status":"closed","template":"page-custom.php","meta":{"footnotes":""},"class_list":["post-7","page","type-page","status-publish","hentry"],"yoast_head":"<!-- This site is optimized with the Yoast SEO plugin v22.2 - https:\/\/yoast.com\/wordpress\/plugins\/seo\/ -->\n<title>\u00dcber Mich und wie ich arbeite - Dosti Kairos<\/title>\n<meta name=\"robots\" content=\"index, follow, max-snippet:-1, max-image-preview:large, max-video-preview:-1\" \/>\n<link rel=\"canonical\" href=\"https:\/\/www.dosti-kairos.eu\/psy\/de\/ueber-mich-wie-ich-arbeite\/\" \/>\n<meta property=\"og:locale\" content=\"de_DE\" \/>\n<meta property=\"og:type\" content=\"article\" \/>\n<meta property=\"og:title\" content=\"\u00dcber Mich und wie ich arbeite - Dosti Kairos\" \/>\n<meta property=\"og:description\" content=\"[vc_section full_height=&#8220;yes&#8220; parallax=&#8220;content-moving&#8220; css=&#8220;.vc_custom_1490202395701{margin-right: 0px !important;margin-left: 0px !important;padding-top: 0px !important;padding-bottom: 0px !important;}&#8220;][vc_row content_placement=&#8220;top&#8220;][vc_column][vc_column_text]Startseite &gt;\u00a0\u00dcber Mich[\/vc_column_text][\/vc_column][\/vc_row][vc_row content_placement=&#8220;middle&#8220;][vc_column css_animation=&#8220;fadeIn&#8220; width=&#8220;1\/3&#8243;][\/vc_column][vc_column css_animation=&#8220;fadeIn&#8220; width=&#8220;1\/3&#8243; css=&#8220;.vc_custom_1687267676238{background-color: rgba(232,228,225,0.9) !important;*background-color: rgb(232,228,225) !important;}&#8220;][vc_column_text] \u00dcber mich und wie ich arbeite [\/vc_column_text][\/vc_column][vc_column width=&#8220;1\/3&#8243;][\/vc_column][\/vc_row][vc_row equal_height=&#8220;yes&#8220; content_placement=&#8220;top&#8220;][vc_column css_animation=&#8220;fadeInLeft&#8220; width=&#8220;1\/3&#8243; css=&#8220;.vc_custom_1490203260562{background-color: rgba(232,228,225,0.9) !important;*background-color: rgb(232,228,225) !important;}&#8220;][vc_column_text]Curiculum Raumplanungsstudium TU Wien 1980 -1986 Lehrt\u00e4tigkeit TU Wien, Kunsthochschule Linz, FH Technikum, FH... Read more &raquo;\" \/>\n<meta property=\"og:url\" content=\"https:\/\/www.dosti-kairos.eu\/psy\/de\/ueber-mich-wie-ich-arbeite\/\" \/>\n<meta property=\"og:site_name\" content=\"Dosti Kairos\" \/>\n<meta property=\"article:modified_time\" content=\"2023-06-27T08:10:01+00:00\" \/>\n<meta name=\"twitter:card\" content=\"summary_large_image\" \/>\n<meta name=\"twitter:label1\" content=\"Gesch\u00e4tzte Lesezeit\" \/>\n\t<meta name=\"twitter:data1\" content=\"1\u00a0Minute\" \/>\n<script type=\"application\/ld+json\" class=\"yoast-schema-graph\">{\"@context\":\"https:\/\/schema.org\",\"@graph\":[{\"@type\":\"WebPage\",\"@id\":\"https:\/\/www.dosti-kairos.eu\/psy\/de\/ueber-mich-wie-ich-arbeite\/\",\"url\":\"https:\/\/www.dosti-kairos.eu\/psy\/de\/ueber-mich-wie-ich-arbeite\/\",\"name\":\"\u00dcber Mich und wie ich arbeite - Dosti Kairos\",\"isPartOf\":{\"@id\":\"https:\/\/www.dosti-kairos.eu\/psy\/#website\"},\"datePublished\":\"2017-02-18T17:03:59+00:00\",\"dateModified\":\"2023-06-27T08:10:01+00:00\",\"breadcrumb\":{\"@id\":\"https:\/\/www.dosti-kairos.eu\/psy\/de\/ueber-mich-wie-ich-arbeite\/#breadcrumb\"},\"inLanguage\":\"de\",\"potentialAction\":[{\"@type\":\"ReadAction\",\"target\":[\"https:\/\/www.dosti-kairos.eu\/psy\/de\/ueber-mich-wie-ich-arbeite\/\"]}]},{\"@type\":\"BreadcrumbList\",\"@id\":\"https:\/\/www.dosti-kairos.eu\/psy\/de\/ueber-mich-wie-ich-arbeite\/#breadcrumb\",\"itemListElement\":[{\"@type\":\"ListItem\",\"position\":1,\"name\":\"Startseite\",\"item\":\"https:\/\/www.dosti-kairos.eu\/psy\/de\/startseite\/\"},{\"@type\":\"ListItem\",\"position\":2,\"name\":\"\u00dcber Mich und wie ich arbeite\"}]},{\"@type\":\"WebSite\",\"@id\":\"https:\/\/www.dosti-kairos.eu\/psy\/#website\",\"url\":\"https:\/\/www.dosti-kairos.eu\/psy\/\",\"name\":\"Dosti Kairos\",\"description\":\"Packen Sie die Gelegenheit beim Schopf\",\"potentialAction\":[{\"@type\":\"SearchAction\",\"target\":{\"@type\":\"EntryPoint\",\"urlTemplate\":\"https:\/\/www.dosti-kairos.eu\/psy\/?s={search_term_string}\"},\"query-input\":\"required name=search_term_string\"}],\"inLanguage\":\"de\"}]}<\/script>\n<!-- \/ Yoast SEO plugin. -->","yoast_head_json":{"title":"\u00dcber Mich und wie ich arbeite - Dosti Kairos","robots":{"index":"index","follow":"follow","max-snippet":"max-snippet:-1","max-image-preview":"max-image-preview:large","max-video-preview":"max-video-preview:-1"},"canonical":"https:\/\/www.dosti-kairos.eu\/psy\/de\/ueber-mich-wie-ich-arbeite\/","og_locale":"de_DE","og_type":"article","og_title":"\u00dcber Mich und wie ich arbeite - Dosti Kairos","og_description":"[vc_section full_height=&#8220;yes&#8220; parallax=&#8220;content-moving&#8220; css=&#8220;.vc_custom_1490202395701{margin-right: 0px !important;margin-left: 0px !important;padding-top: 0px !important;padding-bottom: 0px !important;}&#8220;][vc_row content_placement=&#8220;top&#8220;][vc_column][vc_column_text]Startseite &gt;\u00a0\u00dcber Mich[\/vc_column_text][\/vc_column][\/vc_row][vc_row content_placement=&#8220;middle&#8220;][vc_column css_animation=&#8220;fadeIn&#8220; width=&#8220;1\/3&#8243;][\/vc_column][vc_column css_animation=&#8220;fadeIn&#8220; width=&#8220;1\/3&#8243; css=&#8220;.vc_custom_1687267676238{background-color: rgba(232,228,225,0.9) !important;*background-color: rgb(232,228,225) !important;}&#8220;][vc_column_text] \u00dcber mich und wie ich arbeite [\/vc_column_text][\/vc_column][vc_column width=&#8220;1\/3&#8243;][\/vc_column][\/vc_row][vc_row equal_height=&#8220;yes&#8220; content_placement=&#8220;top&#8220;][vc_column css_animation=&#8220;fadeInLeft&#8220; width=&#8220;1\/3&#8243; css=&#8220;.vc_custom_1490203260562{background-color: rgba(232,228,225,0.9) !important;*background-color: rgb(232,228,225) !important;}&#8220;][vc_column_text]Curiculum Raumplanungsstudium TU Wien 1980 -1986 Lehrt\u00e4tigkeit TU Wien, Kunsthochschule Linz, FH Technikum, FH... Read more &raquo;","og_url":"https:\/\/www.dosti-kairos.eu\/psy\/de\/ueber-mich-wie-ich-arbeite\/","og_site_name":"Dosti Kairos","article_modified_time":"2023-06-27T08:10:01+00:00","twitter_card":"summary_large_image","twitter_misc":{"Gesch\u00e4tzte Lesezeit":"1\u00a0Minute"},"schema":{"@context":"https:\/\/schema.org","@graph":[{"@type":"WebPage","@id":"https:\/\/www.dosti-kairos.eu\/psy\/de\/ueber-mich-wie-ich-arbeite\/","url":"https:\/\/www.dosti-kairos.eu\/psy\/de\/ueber-mich-wie-ich-arbeite\/","name":"\u00dcber Mich und wie ich arbeite - Dosti Kairos","isPartOf":{"@id":"https:\/\/www.dosti-kairos.eu\/psy\/#website"},"datePublished":"2017-02-18T17:03:59+00:00","dateModified":"2023-06-27T08:10:01+00:00","breadcrumb":{"@id":"https:\/\/www.dosti-kairos.eu\/psy\/de\/ueber-mich-wie-ich-arbeite\/#breadcrumb"},"inLanguage":"de","potentialAction":[{"@type":"ReadAction","target":["https:\/\/www.dosti-kairos.eu\/psy\/de\/ueber-mich-wie-ich-arbeite\/"]}]},{"@type":"BreadcrumbList","@id":"https:\/\/www.dosti-kairos.eu\/psy\/de\/ueber-mich-wie-ich-arbeite\/#breadcrumb","itemListElement":[{"@type":"ListItem","position":1,"name":"Startseite","item":"https:\/\/www.dosti-kairos.eu\/psy\/de\/startseite\/"},{"@type":"ListItem","position":2,"name":"\u00dcber Mich und wie ich arbeite"}]},{"@type":"WebSite","@id":"https:\/\/www.dosti-kairos.eu\/psy\/#website","url":"https:\/\/www.dosti-kairos.eu\/psy\/","name":"Dosti Kairos","description":"Packen Sie die Gelegenheit beim Schopf","potentialAction":[{"@type":"SearchAction","target":{"@type":"EntryPoint","urlTemplate":"https:\/\/www.dosti-kairos.eu\/psy\/?s={search_term_string}"},"query-input":"required name=search_term_string"}],"inLanguage":"de"}]}},"_links":{"self":[{"href":"https:\/\/www.dosti-kairos.eu\/psy\/wp-json\/wp\/v2\/pages\/7","targetHints":{"allow":["GET"]}}],"collection":[{"href":"https:\/\/www.dosti-kairos.eu\/psy\/wp-json\/wp\/v2\/pages"}],"about":[{"href":"https:\/\/www.dosti-kairos.eu\/psy\/wp-json\/wp\/v2\/types\/page"}],"author":[{"embeddable":true,"href":"https:\/\/www.dosti-kairos.eu\/psy\/wp-json\/wp\/v2\/users\/1"}],"replies":[{"embeddable":true,"href":"https:\/\/www.dosti-kairos.eu\/psy\/wp-json\/wp\/v2\/comments?post=7"}],"version-history":[{"count":35,"href":"https:\/\/www.dosti-kairos.eu\/psy\/wp-json\/wp\/v2\/pages\/7\/revisions"}],"predecessor-version":[{"id":1558,"href":"https:\/\/www.dosti-kairos.eu\/psy\/wp-json\/wp\/v2\/pages\/7\/revisions\/1558"}],"wp:attachment":[{"href":"https:\/\/www.dosti-kairos.eu\/psy\/wp-json\/wp\/v2\/media?parent=7"}],"curies":[{"name":"wp","href":"https:\/\/api.w.org\/{rel}","templated":true}]}}